{"id":243,"date":"2020-06-28T22:37:26","date_gmt":"2020-06-28T20:37:26","guid":{"rendered":"http:\/\/terre-de-vie.org\/?page_id=243"},"modified":"2025-05-12T11:04:45","modified_gmt":"2025-05-12T09:04:45","slug":"maria-nelle","status":"publish","type":"page","link":"https:\/\/terre-de-vie.org\/index.php\/les-actions\/burkina-faso\/maria-nelle\/","title":{"rendered":"Maria Nelle"},"content":{"rendered":"\t\t<div data-elementor-type=\"wp-page\" data-elementor-id=\"243\" class=\"elementor elementor-243\">\n\t\t\t\t\t\t<section class=\"elementor-section elementor-top-section elementor-element elementor-element-5cb9d66 elementor-section-boxed elementor-section-height-default elementor-section-height-default\" data-id=\"5cb9d66\" data-element_type=\"section\">\n\t\t\t\t\t\t<div class=\"elementor-container elementor-column-gap-default\">\n\t\t\t\t\t<div class=\"elementor-column elementor-col-33 elementor-top-column elementor-element elementor-element-307c5b9\" data-id=\"307c5b9\" data-element_type=\"column\">\n\t\t\t<div class=\"elementor-widget-wrap elementor-element-populated\">\n\t\t\t\t\t\t<div class=\"elementor-element elementor-element-7ed30a0 elementor-widget elementor-widget-text-editor\" data-id=\"7ed30a0\" data-element_type=\"widget\" data-widget_type=\"text-editor.default\">\n\t\t\t\t<div class=\"elementor-widget-container\">\n\t\t\t\t\t\t\t\t\t<p><img fetchpriority=\"high\" decoding=\"async\" width=\"1024\" height=\"768\" class=\"wp-image-417\" src=\"https:\/\/terre-de-vie.org\/wp-content\/uploads\/2020\/10\/Bur-Maria-Nelle1-1-1024x768.jpg\" alt=\"\" srcset=\"https:\/\/terre-de-vie.org\/wp-content\/uploads\/2020\/10\/Bur-Maria-Nelle1-1-1024x768.jpg 1024w, https:\/\/terre-de-vie.org\/wp-content\/uploads\/2020\/10\/Bur-Maria-Nelle1-1-300x225.jpg 300w, https:\/\/terre-de-vie.org\/wp-content\/uploads\/2020\/10\/Bur-Maria-Nelle1-1-768x576.jpg 768w, https:\/\/terre-de-vie.org\/wp-content\/uploads\/2020\/10\/Bur-Maria-Nelle1-1-1536x1152.jpg 1536w, https:\/\/terre-de-vie.org\/wp-content\/uploads\/2020\/10\/Bur-Maria-Nelle1-1-2048x1536.jpg 2048w, https:\/\/terre-de-vie.org\/wp-content\/uploads\/2020\/10\/Bur-Maria-Nelle1-1-155x116.jpg 155w\" sizes=\"(max-width: 1024px) 100vw, 1024px\" \/><\/p>\t\t\t\t\t\t\t\t<\/div>\n\t\t\t\t<\/div>\n\t\t\t\t\t<\/div>\n\t\t<\/div>\n\t\t\t\t<div class=\"elementor-column elementor-col-66 elementor-top-column elementor-element elementor-element-857b7bb\" data-id=\"857b7bb\" data-element_type=\"column\">\n\t\t\t<div class=\"elementor-widget-wrap elementor-element-populated\">\n\t\t\t\t\t\t<div class=\"elementor-element elementor-element-1d2d78d elementor-widget elementor-widget-text-editor\" data-id=\"1d2d78d\" data-element_type=\"widget\" data-widget_type=\"text-editor.default\">\n\t\t\t\t<div class=\"elementor-widget-container\">\n\t\t\t\t\t\t\t\t\t<p><strong>Une petite communaut\u00e9 dynamique de sept jeunes s\u0153urs Burkinab\u00e9es, est tr\u00e8s engag\u00e9e dans des actions concr\u00e8tes de lutte contre la pauvret\u00e9. Chacune est responsable d\u2019un ou plusieurs services et travaille en \u00e9quipe avec d\u2019autres personnes engag\u00e9es dans la m\u00eame cause.<\/strong><\/p><br>\t\t\t\t\t\t\t\t<\/div>\n\t\t\t\t<\/div>\n\t\t\t\t\t<\/div>\n\t\t<\/div>\n\t\t\t\t\t<\/div>\n\t\t<\/section>\n\t\t\t\t<section class=\"elementor-section elementor-top-section elementor-element elementor-element-24410a3 elementor-section-boxed elementor-section-height-default elementor-section-height-default\" data-id=\"24410a3\" data-element_type=\"section\">\n\t\t\t\t\t\t<div class=\"elementor-container elementor-column-gap-default\">\n\t\t\t\t\t<div class=\"elementor-column elementor-col-100 elementor-top-column elementor-element elementor-element-cba2fcf\" data-id=\"cba2fcf\" data-element_type=\"column\">\n\t\t\t<div class=\"elementor-widget-wrap elementor-element-populated\">\n\t\t\t\t\t\t<div class=\"elementor-element elementor-element-0ab01be elementor-widget elementor-widget-text-editor\" data-id=\"0ab01be\" data-element_type=\"widget\" data-widget_type=\"text-editor.default\">\n\t\t\t\t<div class=\"elementor-widget-container\">\n\t\t\t\t\t\t\t\t\t<p><strong>Le dispensaire<\/strong>\u00a0: lieu de soins et de pr\u00e9vention situ\u00e9 \u00e0 deux pas de la communaut\u00e9. Ouvert le matin, il accueille les personnes malades. C\u2019est au dispensaire que les enfants d\u00e9nutris sont rep\u00e9r\u00e9s puis orient\u00e9s au CREN. La Caisse de Solidarit\u00e9 permet aux plus pauvres d\u2019acc\u00e9der aux soins.<\/p>\n<p><strong>Le CREN\u00a0:<\/strong> c\u2019est au Centre de R\u00e9cup\u00e9ration et d\u2019Education Nutritionnelle que de nombreux enfants d\u00e9nutris sont sauv\u00e9s. Ils s\u2019y rendent avec leur maman une \u00e0 deux fois par semaine, pour une pes\u00e9e, apprendre \u00e0 faire la bouillie enrichie et emporter les ingr\u00e9dients pour refaire cette bouillie au village.<\/p>\n<p><strong>L\u2019animation dans les villages\u00a0: <\/strong>\u00e9duquer \u00e0 la nutrition et la sant\u00e9, rapprocher de la population les services d\u2019information et de sensibilisation sur la sant\u00e9 et rep\u00e9rer les b\u00e9b\u00e9 malnutris pour mieux accompagner les parents\u2026 les S\u0153urs se rendent dans des villages en pleine brousse, \u00e0 plusieurs kilom\u00e8tres sur une route difficilement praticables.<\/p>\n<p><strong>L\u2019\u00e9cole Ste Monique\u00a0:<\/strong> situ\u00e9e en pleine brousse, choix strat\u00e9gique pour permettre aux enfants des villages les plus \u00e9loign\u00e9s de la ville d\u2019\u00eatre scolaris\u00e9s. Il y a 6 niveaux. La question se pose d\u00e9sormais pour les S\u0153urs d\u2019ouvrir un coll\u00e8ge.<\/p>\n<p><strong>Le centre de r\u00e9\u00e9ducation St Augustin\u00a0: <\/strong>chaque jour, environ quinze personnes (adultes et enfants) en situation de handicap y sont accueillies et accompagn\u00e9es par deux aides-kin\u00e9sith\u00e9rapeutes. Pour ce service, ce sont \u00e9galement les patients d\u00e9munis qui sont privil\u00e9gi\u00e9s.<\/p>\n<p><strong>Ce travail intense, avec des moyens simples, porte des fruits bien visibles aupr\u00e8s des familles en situation de pauvret\u00e9 dans les villages<\/strong><\/p>\n<p><em><strong>Terre de Vie finance les salaires des diff\u00e9rents services pour fonctionner<\/strong><\/em><\/p>\n<p>\u00a0<\/p>\t\t\t\t\t\t\t\t<\/div>\n\t\t\t\t<\/div>\n\t\t\t\t\t<\/div>\n\t\t<\/div>\n\t\t\t\t\t<\/div>\n\t\t<\/section>\n\t\t\t\t<section class=\"elementor-section elementor-top-section elementor-element elementor-element-d5fe785 elementor-section-boxed elementor-section-height-default elementor-section-height-default\" data-id=\"d5fe785\" data-element_type=\"section\">\n\t\t\t\t\t\t<div class=\"elementor-container elementor-column-gap-default\">\n\t\t\t\t\t<div class=\"elementor-column elementor-col-100 elementor-top-column elementor-element elementor-element-7ae4f4d\" data-id=\"7ae4f4d\" data-element_type=\"column\">\n\t\t\t<div class=\"elementor-widget-wrap elementor-element-populated\">\n\t\t\t\t\t\t<div class=\"elementor-element elementor-element-c8d232b elementor-align-center elementor-widget elementor-widget-button\" data-id=\"c8d232b\" data-element_type=\"widget\" data-widget_type=\"button.default\">\n\t\t\t\t<div class=\"elementor-widget-container\">\n\t\t\t\t\t\t\t\t\t<div class=\"elementor-button-wrapper\">\n\t\t\t\t\t<a class=\"elementor-button elementor-button-link elementor-size-sm\" href=\"https:\/\/terre-de-vie.org\/index.php\/donner\/\">\n\t\t\t\t\t\t<span class=\"elementor-button-content-wrapper\">\n\t\t\t\t\t\t\t\t\t<span class=\"elementor-button-text\">Faire un don<\/span>\n\t\t\t\t\t<\/span>\n\t\t\t\t\t<\/a>\n\t\t\t\t<\/div>\n\t\t\t\t\t\t\t\t<\/div>\n\t\t\t\t<\/div>\n\t\t\t\t\t<\/div>\n\t\t<\/div>\n\t\t\t\t\t<\/div>\n\t\t<\/section>\n\t\t\t\t<section class=\"elementor-section elementor-top-section elementor-element elementor-element-785e391 elementor-section-boxed elementor-section-height-default elementor-section-height-default\" data-id=\"785e391\" data-element_type=\"section\">\n\t\t\t\t\t\t<div class=\"elementor-container elementor-column-gap-default\">\n\t\t\t\t\t<div class=\"elementor-column elementor-col-100 elementor-top-column elementor-element elementor-element-8752431\" data-id=\"8752431\" data-element_type=\"column\">\n\t\t\t<div class=\"elementor-widget-wrap elementor-element-populated\">\n\t\t\t\t\t\t<div class=\"elementor-element elementor-element-962185e elementor-widget elementor-widget-heading\" data-id=\"962185e\" data-element_type=\"widget\" data-widget_type=\"heading.default\">\n\t\t\t\t<div class=\"elementor-widget-container\">\n\t\t\t\t\t<h2 class=\"elementor-heading-title elementor-size-default\">Galerie photo<\/h2>\t\t\t\t<\/div>\n\t\t\t\t<\/div>\n\t\t\t\t\t<\/div>\n\t\t<\/div>\n\t\t\t\t\t<\/div>\n\t\t<\/section>\n\t\t\t\t<section class=\"elementor-section elementor-top-section elementor-element elementor-element-963f8d5 elementor-section-boxed elementor-section-height-default elementor-section-height-default\" data-id=\"963f8d5\" data-element_type=\"section\">\n\t\t\t\t\t\t<div class=\"elementor-container elementor-column-gap-default\">\n\t\t\t\t\t<div class=\"elementor-column elementor-col-100 elementor-top-column elementor-element elementor-element-2df3ae6\" data-id=\"2df3ae6\" data-element_type=\"column\">\n\t\t\t<div class=\"elementor-widget-wrap elementor-element-populated\">\n\t\t\t\t\t\t<div class=\"elementor-element elementor-element-0d7a8d6 elementor-arrows-position-inside elementor-pagination-position-outside elementor-widget elementor-widget-image-carousel\" data-id=\"0d7a8d6\" data-element_type=\"widget\" data-settings=\"{&quot;slides_to_show&quot;:&quot;1&quot;,&quot;navigation&quot;:&quot;both&quot;,&quot;autoplay&quot;:&quot;yes&quot;,&quot;pause_on_hover&quot;:&quot;yes&quot;,&quot;pause_on_interaction&quot;:&quot;yes&quot;,&quot;autoplay_speed&quot;:5000,&quot;infinite&quot;:&quot;yes&quot;,&quot;effect&quot;:&quot;slide&quot;,&quot;speed&quot;:500}\" data-widget_type=\"image-carousel.default\">\n\t\t\t\t<div class=\"elementor-widget-container\">\n\t\t\t\t\t\t\t<div class=\"elementor-image-carousel-wrapper swiper\" role=\"region\" aria-roledescription=\"carousel\" aria-label=\"Carrousel d\u2019images\" dir=\"ltr\">\n\t\t\t<div class=\"elementor-image-carousel swiper-wrapper\" aria-live=\"off\">\n\t\t\t\t\t\t\t\t<div class=\"swiper-slide\" role=\"group\" aria-roledescription=\"slide\" aria-label=\"1 sur 3\"><figure class=\"swiper-slide-inner\"><img decoding=\"async\" class=\"swiper-slide-image\" src=\"https:\/\/terre-de-vie.org\/wp-content\/uploads\/2020\/10\/Bur-Maria-Nelle3-2-768x1024.jpg\" alt=\"Bur-Maria-Nelle3-2\" \/><\/figure><\/div><div class=\"swiper-slide\" role=\"group\" aria-roledescription=\"slide\" aria-label=\"2 sur 3\"><figure class=\"swiper-slide-inner\"><img decoding=\"async\" class=\"swiper-slide-image\" src=\"https:\/\/terre-de-vie.org\/wp-content\/uploads\/2020\/10\/BUR-Maria-Nelle-1-768x576.jpg\" alt=\"BUR-Maria-Nelle-1\" \/><\/figure><\/div><div class=\"swiper-slide\" role=\"group\" aria-roledescription=\"slide\" aria-label=\"3 sur 3\"><figure class=\"swiper-slide-inner\"><img decoding=\"async\" class=\"swiper-slide-image\" src=\"https:\/\/terre-de-vie.org\/wp-content\/uploads\/2020\/10\/Bur-Maria-Nelle1-1-768x576.jpg\" alt=\"Bur-Maria-Nelle1-1\" \/><\/figure><\/div>\t\t\t<\/div>\n\t\t\t\t\t\t\t\t\t\t\t\t<div class=\"elementor-swiper-button elementor-swiper-button-prev\" role=\"button\" tabindex=\"0\">\n\t\t\t\t\t\t<i aria-hidden=\"true\" class=\"eicon-chevron-left\"><\/i>\t\t\t\t\t<\/div>\n\t\t\t\t\t<div class=\"elementor-swiper-button elementor-swiper-button-next\" role=\"button\" tabindex=\"0\">\n\t\t\t\t\t\t<i aria-hidden=\"true\" class=\"eicon-chevron-right\"><\/i>\t\t\t\t\t<\/div>\n\t\t\t\t\n\t\t\t\t\t\t\t\t\t<div class=\"swiper-pagination\"><\/div>\n\t\t\t\t\t\t\t\t\t<\/div>\n\t\t\t\t\t\t<\/div>\n\t\t\t\t<\/div>\n\t\t\t\t\t<\/div>\n\t\t<\/div>\n\t\t\t\t\t<\/div>\n\t\t<\/section>\n\t\t\t\t<\/div>\n\t\t","protected":false},"excerpt":{"rendered":"<p>Une petite communaut\u00e9 dynamique de sept jeunes s\u0153urs Burkinab\u00e9es, est tr\u00e8s engag\u00e9e dans des actions concr\u00e8tes de lutte contre la pauvret\u00e9. Chacune est responsable d\u2019un ou plusieurs services et travaille en \u00e9quipe avec d\u2019autres personnes engag\u00e9es dans la m\u00eame cause. Le dispensaire\u00a0: lieu de soins et de pr\u00e9vention situ\u00e9 \u00e0 deux pas de la communaut\u00e9. [&hellip;]<\/p>\n","protected":false},"author":1,"featured_media":0,"parent":202,"menu_order":0,"comment_status":"closed","ping_status":"closed","template":"","meta":{"ocean_post_layout":"full-width","ocean_both_sidebars_style":"","ocean_both_sidebars_content_width":0,"ocean_both_sidebars_sidebars_width":0,"ocean_sidebar":"0","ocean_second_sidebar":"0","ocean_disable_margins":"enable","ocean_add_body_class":"","ocean_shortcode_before_top_bar":"","ocean_shortcode_after_top_bar":"","ocean_shortcode_before_header":"","ocean_shortcode_after_header":"","ocean_has_shortcode":"","ocean_shortcode_after_title":"","ocean_shortcode_before_footer_widgets":"","ocean_shortcode_after_footer_widgets":"","ocean_shortcode_before_footer_bottom":"","ocean_shortcode_after_footer_bottom":"","ocean_display_top_bar":"default","ocean_display_header":"default","ocean_header_style":"","ocean_center_header_left_menu":"0","ocean_custom_header_template":"0","ocean_custom_logo":0,"ocean_custom_retina_logo":0,"ocean_custom_logo_max_width":0,"ocean_custom_logo_tablet_max_width":0,"ocean_custom_logo_mobile_max_width":0,"ocean_custom_logo_max_height":0,"ocean_custom_logo_tablet_max_height":0,"ocean_custom_logo_mobile_max_height":0,"ocean_header_custom_menu":"0","ocean_menu_typo_font_family":"0","ocean_menu_typo_font_subset":"","ocean_menu_typo_font_size":0,"ocean_menu_typo_font_size_tablet":0,"ocean_menu_typo_font_size_mobile":0,"ocean_menu_typo_font_size_unit":"px","ocean_menu_typo_font_weight":"","ocean_menu_typo_font_weight_tablet":"","ocean_menu_typo_font_weight_mobile":"","ocean_menu_typo_transform":"","ocean_menu_typo_transform_tablet":"","ocean_menu_typo_transform_mobile":"","ocean_menu_typo_line_height":0,"ocean_menu_typo_line_height_tablet":0,"ocean_menu_typo_line_height_mobile":0,"ocean_menu_typo_line_height_unit":"","ocean_menu_typo_spacing":0,"ocean_menu_typo_spacing_tablet":0,"ocean_menu_typo_spacing_mobile":0,"ocean_menu_typo_spacing_unit":"","ocean_menu_link_color":"","ocean_menu_link_color_hover":"","ocean_menu_link_color_active":"","ocean_menu_link_background":"","ocean_menu_link_hover_background":"","ocean_menu_link_active_background":"","ocean_menu_social_links_bg":"","ocean_menu_social_hover_links_bg":"","ocean_menu_social_links_color":"","ocean_menu_social_hover_links_color":"","ocean_disable_title":"default","ocean_disable_heading":"default","ocean_post_title":"","ocean_post_subheading":"","ocean_post_title_style":"","ocean_post_title_background_color":"","ocean_post_title_background":0,"ocean_post_title_bg_image_position":"","ocean_post_title_bg_image_attachment":"","ocean_post_title_bg_image_repeat":"","ocean_post_title_bg_image_size":"","ocean_post_title_height":0,"ocean_post_title_bg_overlay":0.5,"ocean_post_title_bg_overlay_color":"","ocean_disable_breadcrumbs":"default","ocean_breadcrumbs_color":"","ocean_breadcrumbs_separator_color":"","ocean_breadcrumbs_links_color":"","ocean_breadcrumbs_links_hover_color":"","ocean_display_footer_widgets":"default","ocean_display_footer_bottom":"default","ocean_custom_footer_template":"0","footnotes":""},"featured_image_src":null,"_links":{"self":[{"href":"https:\/\/terre-de-vie.org\/index.php\/wp-json\/wp\/v2\/pages\/243"}],"collection":[{"href":"https:\/\/terre-de-vie.org\/index.php\/wp-json\/wp\/v2\/pages"}],"about":[{"href":"https:\/\/terre-de-vie.org\/index.php\/wp-json\/wp\/v2\/types\/page"}],"author":[{"embeddable":true,"href":"https:\/\/terre-de-vie.org\/index.php\/wp-json\/wp\/v2\/users\/1"}],"replies":[{"embeddable":true,"href":"https:\/\/terre-de-vie.org\/index.php\/wp-json\/wp\/v2\/comments?post=243"}],"version-history":[{"count":12,"href":"https:\/\/terre-de-vie.org\/index.php\/wp-json\/wp\/v2\/pages\/243\/revisions"}],"predecessor-version":[{"id":1103,"href":"https:\/\/terre-de-vie.org\/index.php\/wp-json\/wp\/v2\/pages\/243\/revisions\/1103"}],"up":[{"embeddable":true,"href":"https:\/\/terre-de-vie.org\/index.php\/wp-json\/wp\/v2\/pages\/202"}],"wp:attachment":[{"href":"https:\/\/terre-de-vie.org\/index.php\/wp-json\/wp\/v2\/media?parent=243"}],"curies":[{"name":"wp","href":"https:\/\/api.w.org\/{rel}","templated":true}]}}